{"id":3241,"date":"2012-01-15T13:14:22","date_gmt":"2012-01-15T13:14:22","guid":{"rendered":"http:\/\/www.ateny.deon.pl\/?page_id=3241"},"modified":"2015-03-03T11:22:56","modified_gmt":"2015-03-03T11:22:56","slug":"jaselka","status":"publish","type":"page","link":"https:\/\/ateny.jezuici.pl\/?page_id=3241","title":{"rendered":"Jase\u0142ka  2012"},"content":{"rendered":"\n\t\t<style>\n\t\t\t#gallery-1 {\n\t\t\t\tmargin: auto;\n\t\t\t}\n\t\t\t#gallery-1 .gallery-item {\n\t\t\t\tfloat: left;\n\t\t\t\tmargin-top: 10px;\n\t\t\t\ttext-align: center;\n\t\t\t\twidth: 33%;\n\t\t\t}\n\t\t\t#gallery-1 img {\n\t\t\t\tborder: 2px solid #cfcfcf;\n\t\t\t}\n\t\t\t#gallery-1 .gallery-caption {\n\t\t\t\tmargin-left: 0;\n\t\t\t}\n\t\t\t\/* see gallery_shortcode() in wp-includes\/media.php *\/\n\t\t<\/style>\n\t\t<div id='gallery-1' class='gallery galleryid-3241 gallery-columns-3 gallery-size-full'><dl class='gallery-item'>\n\t\t\t<dt class='gallery-icon landscape'>\n\t\t\t\t<a href='https:\/\/ateny.jezuici.pl\/?attachment_id=6098'><img loading=\"lazy\" decoding=\"async\" width=\"700\" height=\"579\" src=\"https:\/\/ateny.jezuici.pl\/files\/2012\/01\/wyjscie-niekontrolowane.jpg\" class=\"attachment-full size-full\" alt=\"\" srcset=\"https:\/\/ateny.jezuici.pl\/files\/2012\/01\/wyjscie-niekontrolowane.jpg 700w, https:\/\/ateny.jezuici.pl\/files\/2012\/01\/wyjscie-niekontrolowane-300x248.jpg 300w\" sizes=\"auto, (max-width: 700px) 100vw, 700px\" \/><\/a>\n\t\t\t<\/dt><\/dl><dl class='gallery-item'>\n\t\t\t<dt class='gallery-icon landscape'>\n\t\t\t\t<a href='https:\/\/ateny.jezuici.pl\/?attachment_id=6099'><img loading=\"lazy\" decoding=\"async\" width=\"788\" height=\"528\" src=\"https:\/\/ateny.jezuici.pl\/files\/2012\/01\/a-wiecie-ze-2.jpg\" class=\"attachment-full size-full\" alt=\"\" srcset=\"https:\/\/ateny.jezuici.pl\/files\/2012\/01\/a-wiecie-ze-2.jpg 788w, https:\/\/ateny.jezuici.pl\/files\/2012\/01\/a-wiecie-ze-2-300x201.jpg 300w\" sizes=\"auto, (max-width: 788px) 100vw, 788px\" \/><\/a>\n\t\t\t<\/dt><\/dl><dl class='gallery-item'>\n\t\t\t<dt class='gallery-icon portrait'>\n\t\t\t\t<a href='https:\/\/ateny.jezuici.pl\/?attachment_id=6100'><img loading=\"lazy\" decoding=\"async\" width=\"500\" height=\"747\" src=\"https:\/\/ateny.jezuici.pl\/files\/2012\/01\/a-wiecie-ze.jpg\" class=\"attachment-full size-full\" alt=\"\" srcset=\"https:\/\/ateny.jezuici.pl\/files\/2012\/01\/a-wiecie-ze.jpg 500w, https:\/\/ateny.jezuici.pl\/files\/2012\/01\/a-wiecie-ze-201x300.jpg 201w\" sizes=\"auto, (max-width: 500px) 100vw, 500px\" \/><\/a>\n\t\t\t<\/dt><\/dl><br style=\"clear: both\" \/><dl class='gallery-item'>\n\t\t\t<dt class='gallery-icon landscape'>\n\t\t\t\t<a href='https:\/\/ateny.jezuici.pl\/?attachment_id=6101'><img loading=\"lazy\" decoding=\"async\" width=\"788\" height=\"528\" src=\"https:\/\/ateny.jezuici.pl\/files\/2012\/01\/aniol-spioch.jpg\" class=\"attachment-full size-full\" alt=\"\" srcset=\"https:\/\/ateny.jezuici.pl\/files\/2012\/01\/aniol-spioch.jpg 788w, https:\/\/ateny.jezuici.pl\/files\/2012\/01\/aniol-spioch-300x201.jpg 300w\" sizes=\"auto, (max-width: 788px) 100vw, 788px\" \/><\/a>\n\t\t\t<\/dt><\/dl><dl class='gallery-item'>\n\t\t\t<dt class='gallery-icon landscape'>\n\t\t\t\t<a href='https:\/\/ateny.jezuici.pl\/?attachment_id=6102'><img loading=\"lazy\" decoding=\"async\" width=\"788\" height=\"528\" src=\"https:\/\/ateny.jezuici.pl\/files\/2012\/01\/aniol-szef.jpg\" class=\"attachment-full size-full\" alt=\"\" srcset=\"https:\/\/ateny.jezuici.pl\/files\/2012\/01\/aniol-szef.jpg 788w, https:\/\/ateny.jezuici.pl\/files\/2012\/01\/aniol-szef-300x201.jpg 300w\" sizes=\"auto, (max-width: 788px) 100vw, 788px\" \/><\/a>\n\t\t\t<\/dt><\/dl><dl class='gallery-item'>\n\t\t\t<dt class='gallery-icon portrait'>\n\t\t\t\t<a href='https:\/\/ateny.jezuici.pl\/?attachment_id=6103'><img loading=\"lazy\" decoding=\"async\" width=\"500\" height=\"747\" src=\"https:\/\/ateny.jezuici.pl\/files\/2012\/01\/aniol-z-pilotem.jpg\" class=\"attachment-full size-full\" alt=\"\" srcset=\"https:\/\/ateny.jezuici.pl\/files\/2012\/01\/aniol-z-pilotem.jpg 500w, https:\/\/ateny.jezuici.pl\/files\/2012\/01\/aniol-z-pilotem-201x300.jpg 201w\" sizes=\"auto, (max-width: 500px) 100vw, 500px\" \/><\/a>\n\t\t\t<\/dt><\/dl><br style=\"clear: both\" \/><dl class='gallery-item'>\n\t\t\t<dt class='gallery-icon portrait'>\n\t\t\t\t<a href='https:\/\/ateny.jezuici.pl\/?attachment_id=6104'><img loading=\"lazy\" decoding=\"async\" width=\"500\" height=\"747\" src=\"https:\/\/ateny.jezuici.pl\/files\/2012\/01\/aniolek-1.jpg\" class=\"attachment-full size-full\" alt=\"\" srcset=\"https:\/\/ateny.jezuici.pl\/files\/2012\/01\/aniolek-1.jpg 500w, https:\/\/ateny.jezuici.pl\/files\/2012\/01\/aniolek-1-201x300.jpg 201w\" sizes=\"auto, (max-width: 500px) 100vw, 500px\" \/><\/a>\n\t\t\t<\/dt><\/dl><dl class='gallery-item'>\n\t\t\t<dt class='gallery-icon portrait'>\n\t\t\t\t<a href='https:\/\/ateny.jezuici.pl\/?attachment_id=6105'><img loading=\"lazy\" decoding=\"async\" width=\"500\" height=\"747\" src=\"https:\/\/ateny.jezuici.pl\/files\/2012\/01\/aniolek-2.jpg\" class=\"attachment-full size-full\" alt=\"\" srcset=\"https:\/\/ateny.jezuici.pl\/files\/2012\/01\/aniolek-2.jpg 500w, https:\/\/ateny.jezuici.pl\/files\/2012\/01\/aniolek-2-201x300.jpg 201w\" sizes=\"auto, (max-width: 500px) 100vw, 500px\" \/><\/a>\n\t\t\t<\/dt><\/dl><dl class='gallery-item'>\n\t\t\t<dt class='gallery-icon portrait'>\n\t\t\t\t<a href='https:\/\/ateny.jezuici.pl\/?attachment_id=6106'><img loading=\"lazy\" decoding=\"async\" width=\"500\" height=\"747\" src=\"https:\/\/ateny.jezuici.pl\/files\/2012\/01\/aniolek-3.jpg\" class=\"attachment-full size-full\" alt=\"\" srcset=\"https:\/\/ateny.jezuici.pl\/files\/2012\/01\/aniolek-3.jpg 500w, https:\/\/ateny.jezuici.pl\/files\/2012\/01\/aniolek-3-201x300.jpg 201w\" sizes=\"auto, (max-width: 500px) 100vw, 500px\" \/><\/a>\n\t\t\t<\/dt><\/dl><br style=\"clear: both\" \/><dl class='gallery-item'>\n\t\t\t<dt class='gallery-icon portrait'>\n\t\t\t\t<a href='https:\/\/ateny.jezuici.pl\/?attachment_id=6107'><img loading=\"lazy\" decoding=\"async\" width=\"500\" height=\"747\" src=\"https:\/\/ateny.jezuici.pl\/files\/2012\/01\/aniolek-4.jpg\" class=\"attachment-full size-full\" alt=\"\" srcset=\"https:\/\/ateny.jezuici.pl\/files\/2012\/01\/aniolek-4.jpg 500w, https:\/\/ateny.jezuici.pl\/files\/2012\/01\/aniolek-4-201x300.jpg 201w\" sizes=\"auto, (max-width: 500px) 100vw, 500px\" \/><\/a>\n\t\t\t<\/dt><\/dl><dl class='gallery-item'>\n\t\t\t<dt class='gallery-icon portrait'>\n\t\t\t\t<a href='https:\/\/ateny.jezuici.pl\/?attachment_id=6108'><img loading=\"lazy\" decoding=\"async\" width=\"500\" height=\"747\" src=\"https:\/\/ateny.jezuici.pl\/files\/2012\/01\/aniolek-5.jpg\" class=\"attachment-full size-full\" alt=\"\" srcset=\"https:\/\/ateny.jezuici.pl\/files\/2012\/01\/aniolek-5.jpg 500w, https:\/\/ateny.jezuici.pl\/files\/2012\/01\/aniolek-5-201x300.jpg 201w\" sizes=\"auto, (max-width: 500px) 100vw, 500px\" \/><\/a>\n\t\t\t<\/dt><\/dl><dl class='gallery-item'>\n\t\t\t<dt class='gallery-icon portrait'>\n\t\t\t\t<a href='https:\/\/ateny.jezuici.pl\/?attachment_id=6109'><img loading=\"lazy\" decoding=\"async\" width=\"500\" height=\"747\" src=\"https:\/\/ateny.jezuici.pl\/files\/2012\/01\/aniolek-6.jpg\" class=\"attachment-full size-full\" alt=\"\" srcset=\"https:\/\/ateny.jezuici.pl\/files\/2012\/01\/aniolek-6.jpg 500w, https:\/\/ateny.jezuici.pl\/files\/2012\/01\/aniolek-6-201x300.jpg 201w\" sizes=\"auto, (max-width: 500px) 100vw, 500px\" \/><\/a>\n\t\t\t<\/dt><\/dl><br style=\"clear: both\" \/><dl class='gallery-item'>\n\t\t\t<dt class='gallery-icon landscape'>\n\t\t\t\t<a href='https:\/\/ateny.jezuici.pl\/?attachment_id=6110'><img loading=\"lazy\" decoding=\"async\" width=\"788\" height=\"528\" src=\"https:\/\/ateny.jezuici.pl\/files\/2012\/01\/aniolek-niebieski.jpg\" class=\"attachment-full size-full\" alt=\"\" srcset=\"https:\/\/ateny.jezuici.pl\/files\/2012\/01\/aniolek-niebieski.jpg 788w, https:\/\/ateny.jezuici.pl\/files\/2012\/01\/aniolek-niebieski-300x201.jpg 300w\" sizes=\"auto, (max-width: 788px) 100vw, 788px\" \/><\/a>\n\t\t\t<\/dt><\/dl><dl class='gallery-item'>\n\t\t\t<dt class='gallery-icon portrait'>\n\t\t\t\t<a href='https:\/\/ateny.jezuici.pl\/?attachment_id=6111'><img loading=\"lazy\" decoding=\"async\" width=\"500\" height=\"747\" src=\"https:\/\/ateny.jezuici.pl\/files\/2012\/01\/aniolki-poduszkowe-1.jpg\" class=\"attachment-full size-full\" alt=\"\" srcset=\"https:\/\/ateny.jezuici.pl\/files\/2012\/01\/aniolki-poduszkowe-1.jpg 500w, https:\/\/ateny.jezuici.pl\/files\/2012\/01\/aniolki-poduszkowe-1-201x300.jpg 201w\" sizes=\"auto, (max-width: 500px) 100vw, 500px\" \/><\/a>\n\t\t\t<\/dt><\/dl><dl class='gallery-item'>\n\t\t\t<dt class='gallery-icon landscape'>\n\t\t\t\t<a href='https:\/\/ateny.jezuici.pl\/?attachment_id=6112'><img loading=\"lazy\" decoding=\"async\" width=\"677\" height=\"453\" src=\"https:\/\/ateny.jezuici.pl\/files\/2012\/01\/aniolki-poduszkowe-2.jpg\" class=\"attachment-full size-full\" alt=\"\" srcset=\"https:\/\/ateny.jezuici.pl\/files\/2012\/01\/aniolki-poduszkowe-2.jpg 677w, https:\/\/ateny.jezuici.pl\/files\/2012\/01\/aniolki-poduszkowe-2-300x201.jpg 300w\" sizes=\"auto, (max-width: 677px) 100vw, 677px\" \/><\/a>\n\t\t\t<\/dt><\/dl><br style=\"clear: both\" \/><dl class='gallery-item'>\n\t\t\t<dt class='gallery-icon landscape'>\n\t\t\t\t<a href='https:\/\/ateny.jezuici.pl\/?attachment_id=6113'><img loading=\"lazy\" decoding=\"async\" width=\"788\" height=\"528\" src=\"https:\/\/ateny.jezuici.pl\/files\/2012\/01\/aniolki-poduszkowe-3.jpg\" class=\"attachment-full size-full\" alt=\"\" srcset=\"https:\/\/ateny.jezuici.pl\/files\/2012\/01\/aniolki-poduszkowe-3.jpg 788w, https:\/\/ateny.jezuici.pl\/files\/2012\/01\/aniolki-poduszkowe-3-300x201.jpg 300w\" sizes=\"auto, (max-width: 788px) 100vw, 788px\" \/><\/a>\n\t\t\t<\/dt><\/dl><dl class='gallery-item'>\n\t\t\t<dt class='gallery-icon landscape'>\n\t\t\t\t<a href='https:\/\/ateny.jezuici.pl\/?attachment_id=6114'><img loading=\"lazy\" decoding=\"async\" width=\"788\" height=\"528\" src=\"https:\/\/ateny.jezuici.pl\/files\/2012\/01\/anioly-1.jpg\" class=\"attachment-full size-full\" alt=\"\" srcset=\"https:\/\/ateny.jezuici.pl\/files\/2012\/01\/anioly-1.jpg 788w, https:\/\/ateny.jezuici.pl\/files\/2012\/01\/anioly-1-300x201.jpg 300w\" sizes=\"auto, (max-width: 788px) 100vw, 788px\" \/><\/a>\n\t\t\t<\/dt><\/dl><dl class='gallery-item'>\n\t\t\t<dt class='gallery-icon landscape'>\n\t\t\t\t<a href='https:\/\/ateny.jezuici.pl\/?attachment_id=6115'><img loading=\"lazy\" decoding=\"async\" width=\"788\" height=\"528\" src=\"https:\/\/ateny.jezuici.pl\/files\/2012\/01\/anioly-2.jpg\" class=\"attachment-full size-full\" alt=\"\" srcset=\"https:\/\/ateny.jezuici.pl\/files\/2012\/01\/anioly-2.jpg 788w, https:\/\/ateny.jezuici.pl\/files\/2012\/01\/anioly-2-300x201.jpg 300w\" sizes=\"auto, (max-width: 788px) 100vw, 788px\" \/><\/a>\n\t\t\t<\/dt><\/dl><br style=\"clear: both\" \/><dl class='gallery-item'>\n\t\t\t<dt class='gallery-icon landscape'>\n\t\t\t\t<a href='https:\/\/ateny.jezuici.pl\/?attachment_id=6116'><img loading=\"lazy\" decoding=\"async\" width=\"788\" height=\"528\" src=\"https:\/\/ateny.jezuici.pl\/files\/2012\/01\/anioly-3.jpg\" class=\"attachment-full size-full\" alt=\"\" srcset=\"https:\/\/ateny.jezuici.pl\/files\/2012\/01\/anioly-3.jpg 788w, https:\/\/ateny.jezuici.pl\/files\/2012\/01\/anioly-3-300x201.jpg 300w\" sizes=\"auto, (max-width: 788px) 100vw, 788px\" \/><\/a>\n\t\t\t<\/dt><\/dl><dl class='gallery-item'>\n\t\t\t<dt class='gallery-icon landscape'>\n\t\t\t\t<a href='https:\/\/ateny.jezuici.pl\/?attachment_id=6117'><img loading=\"lazy\" decoding=\"async\" width=\"788\" height=\"528\" src=\"https:\/\/ateny.jezuici.pl\/files\/2012\/01\/anioly-4.jpg\" class=\"attachment-full size-full\" alt=\"\" srcset=\"https:\/\/ateny.jezuici.pl\/files\/2012\/01\/anioly-4.jpg 788w, https:\/\/ateny.jezuici.pl\/files\/2012\/01\/anioly-4-300x201.jpg 300w\" sizes=\"auto, (max-width: 788px) 100vw, 788px\" \/><\/a>\n\t\t\t<\/dt><\/dl><dl class='gallery-item'>\n\t\t\t<dt class='gallery-icon portrait'>\n\t\t\t\t<a href='https:\/\/ateny.jezuici.pl\/?attachment_id=6118'><img loading=\"lazy\" decoding=\"async\" width=\"500\" height=\"747\" src=\"https:\/\/ateny.jezuici.pl\/files\/2012\/01\/anioly-5.jpg\" class=\"attachment-full size-full\" alt=\"\" srcset=\"https:\/\/ateny.jezuici.pl\/files\/2012\/01\/anioly-5.jpg 500w, https:\/\/ateny.jezuici.pl\/files\/2012\/01\/anioly-5-201x300.jpg 201w\" sizes=\"auto, (max-width: 500px) 100vw, 500px\" \/><\/a>\n\t\t\t<\/dt><\/dl><br style=\"clear: both\" \/><dl class='gallery-item'>\n\t\t\t<dt class='gallery-icon landscape'>\n\t\t\t\t<a href='https:\/\/ateny.jezuici.pl\/?attachment_id=6119'><img loading=\"lazy\" decoding=\"async\" width=\"788\" height=\"528\" src=\"https:\/\/ateny.jezuici.pl\/files\/2012\/01\/anioly-6.jpg\" class=\"attachment-full size-full\" alt=\"\" srcset=\"https:\/\/ateny.jezuici.pl\/files\/2012\/01\/anioly-6.jpg 788w, https:\/\/ateny.jezuici.pl\/files\/2012\/01\/anioly-6-300x201.jpg 300w\" sizes=\"auto, (max-width: 788px) 100vw, 788px\" \/><\/a>\n\t\t\t<\/dt><\/dl><dl class='gallery-item'>\n\t\t\t<dt class='gallery-icon landscape'>\n\t\t\t\t<a href='https:\/\/ateny.jezuici.pl\/?attachment_id=6120'><img loading=\"lazy\" decoding=\"async\" width=\"788\" height=\"528\" src=\"https:\/\/ateny.jezuici.pl\/files\/2012\/01\/anioly-7.jpg\" class=\"attachment-full size-full\" alt=\"\" srcset=\"https:\/\/ateny.jezuici.pl\/files\/2012\/01\/anioly-7.jpg 788w, https:\/\/ateny.jezuici.pl\/files\/2012\/01\/anioly-7-300x201.jpg 300w\" sizes=\"auto, (max-width: 788px) 100vw, 788px\" \/><\/a>\n\t\t\t<\/dt><\/dl><dl class='gallery-item'>\n\t\t\t<dt class='gallery-icon landscape'>\n\t\t\t\t<a href='https:\/\/ateny.jezuici.pl\/?attachment_id=6121'><img loading=\"lazy\" decoding=\"async\" width=\"788\" height=\"528\" src=\"https:\/\/ateny.jezuici.pl\/files\/2012\/01\/anioly-w-centrum-2.jpg\" class=\"attachment-full size-full\" alt=\"\" srcset=\"https:\/\/ateny.jezuici.pl\/files\/2012\/01\/anioly-w-centrum-2.jpg 788w, https:\/\/ateny.jezuici.pl\/files\/2012\/01\/anioly-w-centrum-2-300x201.jpg 300w\" sizes=\"auto, (max-width: 788px) 100vw, 788px\" \/><\/a>\n\t\t\t<\/dt><\/dl><br style=\"clear: both\" \/><dl class='gallery-item'>\n\t\t\t<dt class='gallery-icon landscape'>\n\t\t\t\t<a href='https:\/\/ateny.jezuici.pl\/?attachment_id=6122'><img loading=\"lazy\" decoding=\"async\" width=\"788\" height=\"528\" src=\"https:\/\/ateny.jezuici.pl\/files\/2012\/01\/anioly-w-centrum.jpg\" class=\"attachment-full size-full\" alt=\"\" srcset=\"https:\/\/ateny.jezuici.pl\/files\/2012\/01\/anioly-w-centrum.jpg 788w, https:\/\/ateny.jezuici.pl\/files\/2012\/01\/anioly-w-centrum-300x201.jpg 300w\" sizes=\"auto, (max-width: 788px) 100vw, 788px\" \/><\/a>\n\t\t\t<\/dt><\/dl><dl class='gallery-item'>\n\t\t\t<dt class='gallery-icon landscape'>\n\t\t\t\t<a href='https:\/\/ateny.jezuici.pl\/?attachment_id=6123'><img loading=\"lazy\" decoding=\"async\" width=\"788\" height=\"528\" src=\"https:\/\/ateny.jezuici.pl\/files\/2012\/01\/calosc-1.jpg\" class=\"attachment-full size-full\" alt=\"\" srcset=\"https:\/\/ateny.jezuici.pl\/files\/2012\/01\/calosc-1.jpg 788w, https:\/\/ateny.jezuici.pl\/files\/2012\/01\/calosc-1-300x201.jpg 300w\" sizes=\"auto, (max-width: 788px) 100vw, 788px\" \/><\/a>\n\t\t\t<\/dt><\/dl><dl class='gallery-item'>\n\t\t\t<dt class='gallery-icon landscape'>\n\t\t\t\t<a href='https:\/\/ateny.jezuici.pl\/?attachment_id=6124'><img loading=\"lazy\" decoding=\"async\" width=\"788\" height=\"465\" src=\"https:\/\/ateny.jezuici.pl\/files\/2012\/01\/calosc-2.jpg\" class=\"attachment-full size-full\" alt=\"\" srcset=\"https:\/\/ateny.jezuici.pl\/files\/2012\/01\/calosc-2.jpg 788w, https:\/\/ateny.jezuici.pl\/files\/2012\/01\/calosc-2-300x177.jpg 300w\" sizes=\"auto, (max-width: 788px) 100vw, 788px\" \/><\/a>\n\t\t\t<\/dt><\/dl><br style=\"clear: both\" \/><dl class='gallery-item'>\n\t\t\t<dt class='gallery-icon landscape'>\n\t\t\t\t<a href='https:\/\/ateny.jezuici.pl\/?attachment_id=6125'><img loading=\"lazy\" decoding=\"async\" width=\"788\" height=\"528\" src=\"https:\/\/ateny.jezuici.pl\/files\/2012\/01\/calosc-3.jpg\" class=\"attachment-full size-full\" alt=\"\" srcset=\"https:\/\/ateny.jezuici.pl\/files\/2012\/01\/calosc-3.jpg 788w, https:\/\/ateny.jezuici.pl\/files\/2012\/01\/calosc-3-300x201.jpg 300w\" sizes=\"auto, (max-width: 788px) 100vw, 788px\" \/><\/a>\n\t\t\t<\/dt><\/dl><dl class='gallery-item'>\n\t\t\t<dt class='gallery-icon landscape'>\n\t\t\t\t<a href='https:\/\/ateny.jezuici.pl\/?attachment_id=6126'><img loading=\"lazy\" decoding=\"async\" width=\"788\" height=\"528\" src=\"https:\/\/ateny.jezuici.pl\/files\/2012\/01\/calosc-4.jpg\" class=\"attachment-full size-full\" alt=\"\" srcset=\"https:\/\/ateny.jezuici.pl\/files\/2012\/01\/calosc-4.jpg 788w, https:\/\/ateny.jezuici.pl\/files\/2012\/01\/calosc-4-300x201.jpg 300w\" sizes=\"auto, (max-width: 788px) 100vw, 788px\" \/><\/a>\n\t\t\t<\/dt><\/dl><dl class='gallery-item'>\n\t\t\t<dt class='gallery-icon landscape'>\n\t\t\t\t<a href='https:\/\/ateny.jezuici.pl\/?attachment_id=6127'><img loading=\"lazy\" decoding=\"async\" width=\"800\" height=\"294\" src=\"https:\/\/ateny.jezuici.pl\/files\/2012\/01\/calosc-5.jpg\" class=\"attachment-full size-full\" alt=\"\" srcset=\"https:\/\/ateny.jezuici.pl\/files\/2012\/01\/calosc-5.jpg 800w, https:\/\/ateny.jezuici.pl\/files\/2012\/01\/calosc-5-300x110.jpg 300w\" sizes=\"auto, (max-width: 800px) 100vw, 800px\" \/><\/a>\n\t\t\t<\/dt><\/dl><br style=\"clear: both\" \/><dl class='gallery-item'>\n\t\t\t<dt class='gallery-icon portrait'>\n\t\t\t\t<a href='https:\/\/ateny.jezuici.pl\/?attachment_id=6128'><img loading=\"lazy\" decoding=\"async\" width=\"500\" height=\"747\" src=\"https:\/\/ateny.jezuici.pl\/files\/2012\/01\/dzieciatko-1.jpg\" class=\"attachment-full size-full\" alt=\"\" srcset=\"https:\/\/ateny.jezuici.pl\/files\/2012\/01\/dzieciatko-1.jpg 500w, https:\/\/ateny.jezuici.pl\/files\/2012\/01\/dzieciatko-1-201x300.jpg 201w\" sizes=\"auto, (max-width: 500px) 100vw, 500px\" \/><\/a>\n\t\t\t<\/dt><\/dl><dl class='gallery-item'>\n\t\t\t<dt class='gallery-icon portrait'>\n\t\t\t\t<a href='https:\/\/ateny.jezuici.pl\/?attachment_id=6129'><img loading=\"lazy\" decoding=\"async\" width=\"500\" height=\"747\" src=\"https:\/\/ateny.jezuici.pl\/files\/2012\/01\/gdyby-nie-anioly.jpg\" class=\"attachment-full size-full\" alt=\"\" srcset=\"https:\/\/ateny.jezuici.pl\/files\/2012\/01\/gdyby-nie-anioly.jpg 500w, https:\/\/ateny.jezuici.pl\/files\/2012\/01\/gdyby-nie-anioly-201x300.jpg 201w\" sizes=\"auto, (max-width: 500px) 100vw, 500px\" \/><\/a>\n\t\t\t<\/dt><\/dl><dl class='gallery-item'>\n\t\t\t<dt class='gallery-icon portrait'>\n\t\t\t\t<a href='https:\/\/ateny.jezuici.pl\/?attachment_id=6130'><img loading=\"lazy\" decoding=\"async\" width=\"677\" height=\"943\" src=\"https:\/\/ateny.jezuici.pl\/files\/2012\/01\/gwiazda-chodzona.jpg\" class=\"attachment-full size-full\" alt=\"\" srcset=\"https:\/\/ateny.jezuici.pl\/files\/2012\/01\/gwiazda-chodzona.jpg 677w, https:\/\/ateny.jezuici.pl\/files\/2012\/01\/gwiazda-chodzona-215x300.jpg 215w\" sizes=\"auto, (max-width: 677px) 100vw, 677px\" \/><\/a>\n\t\t\t<\/dt><\/dl><br style=\"clear: both\" \/><dl class='gallery-item'>\n\t\t\t<dt class='gallery-icon portrait'>\n\t\t\t\t<a href='https:\/\/ateny.jezuici.pl\/?attachment_id=6131'><img loading=\"lazy\" decoding=\"async\" width=\"500\" height=\"747\" src=\"https:\/\/ateny.jezuici.pl\/files\/2012\/01\/jeden-z-trzech.jpg\" class=\"attachment-full size-full\" alt=\"\" srcset=\"https:\/\/ateny.jezuici.pl\/files\/2012\/01\/jeden-z-trzech.jpg 500w, https:\/\/ateny.jezuici.pl\/files\/2012\/01\/jeden-z-trzech-201x300.jpg 201w\" sizes=\"auto, (max-width: 500px) 100vw, 500px\" \/><\/a>\n\t\t\t<\/dt><\/dl><dl class='gallery-item'>\n\t\t\t<dt class='gallery-icon portrait'>\n\t\t\t\t<a href='https:\/\/ateny.jezuici.pl\/?attachment_id=6132'><img loading=\"lazy\" decoding=\"async\" width=\"500\" height=\"747\" src=\"https:\/\/ateny.jezuici.pl\/files\/2012\/01\/jeden-zainteresowany.jpg\" class=\"attachment-full size-full\" alt=\"\" srcset=\"https:\/\/ateny.jezuici.pl\/files\/2012\/01\/jeden-zainteresowany.jpg 500w, https:\/\/ateny.jezuici.pl\/files\/2012\/01\/jeden-zainteresowany-201x300.jpg 201w\" sizes=\"auto, (max-width: 500px) 100vw, 500px\" \/><\/a>\n\t\t\t<\/dt><\/dl><dl class='gallery-item'>\n\t\t\t<dt class='gallery-icon landscape'>\n\t\t\t\t<a href='https:\/\/ateny.jezuici.pl\/?attachment_id=6133'><img loading=\"lazy\" decoding=\"async\" width=\"788\" height=\"528\" src=\"https:\/\/ateny.jezuici.pl\/files\/2012\/01\/lulajze.jpg\" class=\"attachment-full size-full\" alt=\"\" srcset=\"https:\/\/ateny.jezuici.pl\/files\/2012\/01\/lulajze.jpg 788w, https:\/\/ateny.jezuici.pl\/files\/2012\/01\/lulajze-300x201.jpg 300w\" sizes=\"auto, (max-width: 788px) 100vw, 788px\" \/><\/a>\n\t\t\t<\/dt><\/dl><br style=\"clear: both\" \/><dl class='gallery-item'>\n\t\t\t<dt class='gallery-icon landscape'>\n\t\t\t\t<a href='https:\/\/ateny.jezuici.pl\/?attachment_id=6134'><img loading=\"lazy\" decoding=\"async\" width=\"778\" height=\"521\" src=\"https:\/\/ateny.jezuici.pl\/files\/2012\/01\/najmlodsze-anioly-1.jpg\" class=\"attachment-full size-full\" alt=\"\" srcset=\"https:\/\/ateny.jezuici.pl\/files\/2012\/01\/najmlodsze-anioly-1.jpg 778w, https:\/\/ateny.jezuici.pl\/files\/2012\/01\/najmlodsze-anioly-1-300x201.jpg 300w\" sizes=\"auto, (max-width: 778px) 100vw, 778px\" \/><\/a>\n\t\t\t<\/dt><\/dl><dl class='gallery-item'>\n\t\t\t<dt class='gallery-icon landscape'>\n\t\t\t\t<a href='https:\/\/ateny.jezuici.pl\/?attachment_id=6135'><img loading=\"lazy\" decoding=\"async\" width=\"788\" height=\"528\" src=\"https:\/\/ateny.jezuici.pl\/files\/2012\/01\/najmlodsze-anioly-2.jpg\" class=\"attachment-full size-full\" alt=\"\" srcset=\"https:\/\/ateny.jezuici.pl\/files\/2012\/01\/najmlodsze-anioly-2.jpg 788w, https:\/\/ateny.jezuici.pl\/files\/2012\/01\/najmlodsze-anioly-2-300x201.jpg 300w\" sizes=\"auto, (max-width: 788px) 100vw, 788px\" \/><\/a>\n\t\t\t<\/dt><\/dl><dl class='gallery-item'>\n\t\t\t<dt class='gallery-icon landscape'>\n\t\t\t\t<a href='https:\/\/ateny.jezuici.pl\/?attachment_id=6136'><img loading=\"lazy\" decoding=\"async\" width=\"788\" height=\"528\" src=\"https:\/\/ateny.jezuici.pl\/files\/2012\/01\/najmlodsze-anioly-3.jpg\" class=\"attachment-full size-full\" alt=\"\" srcset=\"https:\/\/ateny.jezuici.pl\/files\/2012\/01\/najmlodsze-anioly-3.jpg 788w, https:\/\/ateny.jezuici.pl\/files\/2012\/01\/najmlodsze-anioly-3-300x201.jpg 300w\" sizes=\"auto, (max-width: 788px) 100vw, 788px\" \/><\/a>\n\t\t\t<\/dt><\/dl><br style=\"clear: both\" \/><dl class='gallery-item'>\n\t\t\t<dt class='gallery-icon landscape'>\n\t\t\t\t<a href='https:\/\/ateny.jezuici.pl\/?attachment_id=6137'><img loading=\"lazy\" decoding=\"async\" width=\"788\" height=\"484\" src=\"https:\/\/ateny.jezuici.pl\/files\/2012\/01\/najmlodsze-anioly-4.jpg\" class=\"attachment-full size-full\" alt=\"\" srcset=\"https:\/\/ateny.jezuici.pl\/files\/2012\/01\/najmlodsze-anioly-4.jpg 788w, https:\/\/ateny.jezuici.pl\/files\/2012\/01\/najmlodsze-anioly-4-300x184.jpg 300w\" sizes=\"auto, (max-width: 788px) 100vw, 788px\" \/><\/a>\n\t\t\t<\/dt><\/dl><dl class='gallery-item'>\n\t\t\t<dt class='gallery-icon landscape'>\n\t\t\t\t<a href='https:\/\/ateny.jezuici.pl\/?attachment_id=6138'><img loading=\"lazy\" decoding=\"async\" width=\"788\" height=\"528\" src=\"https:\/\/ateny.jezuici.pl\/files\/2012\/01\/najmlodsze-anioly-5.jpg\" class=\"attachment-full size-full\" alt=\"\" srcset=\"https:\/\/ateny.jezuici.pl\/files\/2012\/01\/najmlodsze-anioly-5.jpg 788w, https:\/\/ateny.jezuici.pl\/files\/2012\/01\/najmlodsze-anioly-5-300x201.jpg 300w\" sizes=\"auto, (max-width: 788px) 100vw, 788px\" \/><\/a>\n\t\t\t<\/dt><\/dl><dl class='gallery-item'>\n\t\t\t<dt class='gallery-icon landscape'>\n\t\t\t\t<a href='https:\/\/ateny.jezuici.pl\/?attachment_id=6139'><img loading=\"lazy\" decoding=\"async\" width=\"788\" height=\"528\" src=\"https:\/\/ateny.jezuici.pl\/files\/2012\/01\/najmlodsze-anioly-6.jpg\" class=\"attachment-full size-full\" alt=\"\" srcset=\"https:\/\/ateny.jezuici.pl\/files\/2012\/01\/najmlodsze-anioly-6.jpg 788w, https:\/\/ateny.jezuici.pl\/files\/2012\/01\/najmlodsze-anioly-6-300x201.jpg 300w\" sizes=\"auto, (max-width: 788px) 100vw, 788px\" \/><\/a>\n\t\t\t<\/dt><\/dl><br style=\"clear: both\" \/><dl class='gallery-item'>\n\t\t\t<dt class='gallery-icon landscape'>\n\t\t\t\t<a href='https:\/\/ateny.jezuici.pl\/?attachment_id=6140'><img loading=\"lazy\" decoding=\"async\" width=\"788\" height=\"528\" src=\"https:\/\/ateny.jezuici.pl\/files\/2012\/01\/najmlodszy-aniol-1.jpg\" class=\"attachment-full size-full\" alt=\"\" srcset=\"https:\/\/ateny.jezuici.pl\/files\/2012\/01\/najmlodszy-aniol-1.jpg 788w, https:\/\/ateny.jezuici.pl\/files\/2012\/01\/najmlodszy-aniol-1-300x201.jpg 300w\" sizes=\"auto, (max-width: 788px) 100vw, 788px\" \/><\/a>\n\t\t\t<\/dt><\/dl><dl class='gallery-item'>\n\t\t\t<dt class='gallery-icon landscape'>\n\t\t\t\t<a href='https:\/\/ateny.jezuici.pl\/?attachment_id=6141'><img loading=\"lazy\" decoding=\"async\" width=\"788\" height=\"528\" src=\"https:\/\/ateny.jezuici.pl\/files\/2012\/01\/najmlodszy-aniol-1a.jpg\" class=\"attachment-full size-full\" alt=\"\" srcset=\"https:\/\/ateny.jezuici.pl\/files\/2012\/01\/najmlodszy-aniol-1a.jpg 788w, https:\/\/ateny.jezuici.pl\/files\/2012\/01\/najmlodszy-aniol-1a-300x201.jpg 300w\" sizes=\"auto, (max-width: 788px) 100vw, 788px\" \/><\/a>\n\t\t\t<\/dt><\/dl><dl class='gallery-item'>\n\t\t\t<dt class='gallery-icon landscape'>\n\t\t\t\t<a href='https:\/\/ateny.jezuici.pl\/?attachment_id=6142'><img loading=\"lazy\" decoding=\"async\" width=\"788\" height=\"528\" src=\"https:\/\/ateny.jezuici.pl\/files\/2012\/01\/najmlodszy-aniol-2.jpg\" class=\"attachment-full size-full\" alt=\"\" srcset=\"https:\/\/ateny.jezuici.pl\/files\/2012\/01\/najmlodszy-aniol-2.jpg 788w, https:\/\/ateny.jezuici.pl\/files\/2012\/01\/najmlodszy-aniol-2-300x201.jpg 300w\" sizes=\"auto, (max-width: 788px) 100vw, 788px\" \/><\/a>\n\t\t\t<\/dt><\/dl><br style=\"clear: both\" \/><dl class='gallery-item'>\n\t\t\t<dt class='gallery-icon landscape'>\n\t\t\t\t<a href='https:\/\/ateny.jezuici.pl\/?attachment_id=6143'><img loading=\"lazy\" decoding=\"async\" width=\"788\" height=\"528\" src=\"https:\/\/ateny.jezuici.pl\/files\/2012\/01\/najmlodszy-aniol-2a.jpg\" class=\"attachment-full size-full\" alt=\"\" srcset=\"https:\/\/ateny.jezuici.pl\/files\/2012\/01\/najmlodszy-aniol-2a.jpg 788w, https:\/\/ateny.jezuici.pl\/files\/2012\/01\/najmlodszy-aniol-2a-300x201.jpg 300w\" sizes=\"auto, (max-width: 788px) 100vw, 788px\" \/><\/a>\n\t\t\t<\/dt><\/dl><dl class='gallery-item'>\n\t\t\t<dt class='gallery-icon portrait'>\n\t\t\t\t<a href='https:\/\/ateny.jezuici.pl\/?attachment_id=6144'><img loading=\"lazy\" decoding=\"async\" width=\"500\" height=\"747\" src=\"https:\/\/ateny.jezuici.pl\/files\/2012\/01\/odwrocenie-uwagi.jpg\" class=\"attachment-full size-full\" alt=\"\" srcset=\"https:\/\/ateny.jezuici.pl\/files\/2012\/01\/odwrocenie-uwagi.jpg 500w, https:\/\/ateny.jezuici.pl\/files\/2012\/01\/odwrocenie-uwagi-201x300.jpg 201w\" sizes=\"auto, (max-width: 500px) 100vw, 500px\" \/><\/a>\n\t\t\t<\/dt><\/dl><dl class='gallery-item'>\n\t\t\t<dt class='gallery-icon landscape'>\n\t\t\t\t<a href='https:\/\/ateny.jezuici.pl\/?attachment_id=6145'><img loading=\"lazy\" decoding=\"async\" width=\"778\" height=\"521\" src=\"https:\/\/ateny.jezuici.pl\/files\/2012\/01\/pastuszkowie-1.jpg\" class=\"attachment-full size-full\" alt=\"\" srcset=\"https:\/\/ateny.jezuici.pl\/files\/2012\/01\/pastuszkowie-1.jpg 778w, https:\/\/ateny.jezuici.pl\/files\/2012\/01\/pastuszkowie-1-300x201.jpg 300w\" sizes=\"auto, (max-width: 778px) 100vw, 778px\" \/><\/a>\n\t\t\t<\/dt><\/dl><br style=\"clear: both\" \/><dl class='gallery-item'>\n\t\t\t<dt class='gallery-icon portrait'>\n\t\t\t\t<a href='https:\/\/ateny.jezuici.pl\/?attachment_id=6146'><img loading=\"lazy\" decoding=\"async\" width=\"500\" height=\"747\" src=\"https:\/\/ateny.jezuici.pl\/files\/2012\/01\/pastuszkowie-2.jpg\" class=\"attachment-full size-full\" alt=\"\" srcset=\"https:\/\/ateny.jezuici.pl\/files\/2012\/01\/pastuszkowie-2.jpg 500w, https:\/\/ateny.jezuici.pl\/files\/2012\/01\/pastuszkowie-2-201x300.jpg 201w\" sizes=\"auto, (max-width: 500px) 100vw, 500px\" \/><\/a>\n\t\t\t<\/dt><\/dl><dl class='gallery-item'>\n\t\t\t<dt class='gallery-icon landscape'>\n\t\t\t\t<a href='https:\/\/ateny.jezuici.pl\/?attachment_id=6147'><img loading=\"lazy\" decoding=\"async\" width=\"788\" height=\"528\" src=\"https:\/\/ateny.jezuici.pl\/files\/2012\/01\/poszukiwacze.jpg\" class=\"attachment-full size-full\" alt=\"\" srcset=\"https:\/\/ateny.jezuici.pl\/files\/2012\/01\/poszukiwacze.jpg 788w, https:\/\/ateny.jezuici.pl\/files\/2012\/01\/poszukiwacze-300x201.jpg 300w\" sizes=\"auto, (max-width: 788px) 100vw, 788px\" \/><\/a>\n\t\t\t<\/dt><\/dl><dl class='gallery-item'>\n\t\t\t<dt class='gallery-icon landscape'>\n\t\t\t\t<a href='https:\/\/ateny.jezuici.pl\/?attachment_id=6148'><img loading=\"lazy\" decoding=\"async\" width=\"677\" height=\"453\" src=\"https:\/\/ateny.jezuici.pl\/files\/2012\/01\/radosnie-w-szopie.jpg\" class=\"attachment-full size-full\" alt=\"\" srcset=\"https:\/\/ateny.jezuici.pl\/files\/2012\/01\/radosnie-w-szopie.jpg 677w, https:\/\/ateny.jezuici.pl\/files\/2012\/01\/radosnie-w-szopie-300x201.jpg 300w\" sizes=\"auto, (max-width: 677px) 100vw, 677px\" \/><\/a>\n\t\t\t<\/dt><\/dl><br style=\"clear: both\" \/><dl class='gallery-item'>\n\t\t\t<dt class='gallery-icon portrait'>\n\t\t\t\t<a href='https:\/\/ateny.jezuici.pl\/?attachment_id=6149'><img loading=\"lazy\" decoding=\"async\" width=\"500\" height=\"747\" src=\"https:\/\/ateny.jezuici.pl\/files\/2012\/01\/rodzinka.jpg\" class=\"attachment-full size-full\" alt=\"\" srcset=\"https:\/\/ateny.jezuici.pl\/files\/2012\/01\/rodzinka.jpg 500w, https:\/\/ateny.jezuici.pl\/files\/2012\/01\/rodzinka-201x300.jpg 201w\" sizes=\"auto, (max-width: 500px) 100vw, 500px\" \/><\/a>\n\t\t\t<\/dt><\/dl><dl class='gallery-item'>\n\t\t\t<dt class='gallery-icon portrait'>\n\t\t\t\t<a href='https:\/\/ateny.jezuici.pl\/?attachment_id=6150'><img loading=\"lazy\" decoding=\"async\" width=\"500\" height=\"747\" src=\"https:\/\/ateny.jezuici.pl\/files\/2012\/01\/rzut-z-boku.jpg\" class=\"attachment-full size-full\" alt=\"\" srcset=\"https:\/\/ateny.jezuici.pl\/files\/2012\/01\/rzut-z-boku.jpg 500w, https:\/\/ateny.jezuici.pl\/files\/2012\/01\/rzut-z-boku-201x300.jpg 201w\" sizes=\"auto, (max-width: 500px) 100vw, 500px\" \/><\/a>\n\t\t\t<\/dt><\/dl><dl class='gallery-item'>\n\t\t\t<dt class='gallery-icon landscape'>\n\t\t\t\t<a href='https:\/\/ateny.jezuici.pl\/?attachment_id=6151'><img loading=\"lazy\" decoding=\"async\" width=\"788\" height=\"528\" src=\"https:\/\/ateny.jezuici.pl\/files\/2012\/01\/trzech.jpg\" class=\"attachment-full size-full\" alt=\"\" srcset=\"https:\/\/ateny.jezuici.pl\/files\/2012\/01\/trzech.jpg 788w, https:\/\/ateny.jezuici.pl\/files\/2012\/01\/trzech-300x201.jpg 300w\" sizes=\"auto, (max-width: 788px) 100vw, 788px\" \/><\/a>\n\t\t\t<\/dt><\/dl><br style=\"clear: both\" \/><dl class='gallery-item'>\n\t\t\t<dt class='gallery-icon landscape'>\n\t\t\t\t<a href='https:\/\/ateny.jezuici.pl\/?attachment_id=6152'><img loading=\"lazy\" decoding=\"async\" width=\"800\" height=\"528\" src=\"https:\/\/ateny.jezuici.pl\/files\/2012\/01\/trzeci-sie-zapodzial.jpg\" class=\"attachment-full size-full\" alt=\"\" srcset=\"https:\/\/ateny.jezuici.pl\/files\/2012\/01\/trzeci-sie-zapodzial.jpg 800w, https:\/\/ateny.jezuici.pl\/files\/2012\/01\/trzeci-sie-zapodzial-300x198.jpg 300w\" sizes=\"auto, (max-width: 800px) 100vw, 800px\" \/><\/a>\n\t\t\t<\/dt><\/dl><dl class='gallery-item'>\n\t\t\t<dt class='gallery-icon portrait'>\n\t\t\t\t<a href='https:\/\/ateny.jezuici.pl\/?attachment_id=6153'><img loading=\"lazy\" decoding=\"async\" width=\"500\" height=\"747\" src=\"https:\/\/ateny.jezuici.pl\/files\/2012\/01\/urocza-rodzinka.jpg\" class=\"attachment-full size-full\" alt=\"\" srcset=\"https:\/\/ateny.jezuici.pl\/files\/2012\/01\/urocza-rodzinka.jpg 500w, https:\/\/ateny.jezuici.pl\/files\/2012\/01\/urocza-rodzinka-201x300.jpg 201w\" sizes=\"auto, (max-width: 500px) 100vw, 500px\" \/><\/a>\n\t\t\t<\/dt><\/dl>\n\t\t\t<br style='clear: both' \/>\n\t\t<\/div>\n\n","protected":false},"excerpt":{"rendered":"","protected":false},"author":228,"featured_media":0,"parent":392,"menu_order":85,"comment_status":"closed","ping_status":"closed","template":"onecolumn-page.php","meta":{"ngg_post_thumbnail":0,"footnotes":""},"class_list":["post-3241","page","type-page","status-publish","hentry"],"aioseo_notices":[],"aioseo_head":"\n\t\t<!-- All in One SEO 5.0.1.1 - aioseo.com -->\n\t<meta name=\"robots\" content=\"max-image-preview:large\" \/>\n\t<link rel=\"canonical\" href=\"https:\/\/ateny.jezuici.pl\/?page_id=3241\" \/>\n\t<meta name=\"generator\" content=\"All in One SEO (AIOSEO) 5.0.1.1\" \/>\n\t\t<meta property=\"og:locale\" content=\"pl_PL\" \/>\n\t\t<meta property=\"og:site_name\" content=\"Ko\u015bci\u00f3\u0142 katolicki w Atenach - polscy ksi\u0119\u017ca w Grecji - Strona parafialna lokalnej spoleczno\u015bci katolickiej\" \/>\n\t\t<meta property=\"og:type\" content=\"article\" \/>\n\t\t<meta property=\"og:title\" content=\"Jase\u0142ka 2012 - Ko\u015bci\u00f3\u0142 katolicki w Atenach - polscy ksi\u0119\u017ca w Grecji\" \/>\n\t\t<meta property=\"og:url\" content=\"https:\/\/ateny.jezuici.pl\/?page_id=3241\" \/>\n\t\t<meta property=\"article:published_time\" content=\"2012-01-15T13:14:22+00:00\" \/>\n\t\t<meta property=\"article:modified_time\" content=\"2015-03-03T11:22:56+00:00\" \/>\n\t\t<meta name=\"twitter:card\" content=\"summary_large_image\" \/>\n\t\t<meta name=\"twitter:title\" content=\"Jase\u0142ka 2012 - Ko\u015bci\u00f3\u0142 katolicki w Atenach - polscy ksi\u0119\u017ca w Grecji\" \/>\n\t\t<script type=\"application\/ld+json\" class=\"aioseo-schema\">\n\t\t\t{\"@context\":\"https:\\\/\\\/schema.org\",\"@graph\":[{\"@type\":\"BreadcrumbList\",\"@id\":\"https:\\\/\\\/ateny.jezuici.pl\\\/?page_id=3241#breadcrumblist\",\"itemListElement\":[{\"@type\":\"ListItem\",\"@id\":\"https:\\\/\\\/ateny.jezuici.pl#listItem\",\"position\":1,\"name\":\"Home\",\"item\":\"https:\\\/\\\/ateny.jezuici.pl\",\"nextItem\":{\"@type\":\"ListItem\",\"@id\":\"https:\\\/\\\/ateny.jezuici.pl\\\/?page_id=392#listItem\",\"name\":\"Galeria\"}},{\"@type\":\"ListItem\",\"@id\":\"https:\\\/\\\/ateny.jezuici.pl\\\/?page_id=392#listItem\",\"position\":2,\"name\":\"Galeria\",\"item\":\"https:\\\/\\\/ateny.jezuici.pl\\\/?page_id=392\",\"nextItem\":{\"@type\":\"ListItem\",\"@id\":\"https:\\\/\\\/ateny.jezuici.pl\\\/?page_id=3241#listItem\",\"name\":\"Jase\\u0142ka  2012\"},\"previousItem\":{\"@type\":\"ListItem\",\"@id\":\"https:\\\/\\\/ateny.jezuici.pl#listItem\",\"name\":\"Home\"}},{\"@type\":\"ListItem\",\"@id\":\"https:\\\/\\\/ateny.jezuici.pl\\\/?page_id=3241#listItem\",\"position\":3,\"name\":\"Jase\\u0142ka  2012\",\"previousItem\":{\"@type\":\"ListItem\",\"@id\":\"https:\\\/\\\/ateny.jezuici.pl\\\/?page_id=392#listItem\",\"name\":\"Galeria\"}}]},{\"@type\":\"Organization\",\"@id\":\"https:\\\/\\\/ateny.jezuici.pl\\\/#organization\",\"name\":\"Ko\\u015bci\\u00f3\\u0142 katolicki w Atenach - polscy ksi\\u0119\\u017ca w Grecji\",\"description\":\"Strona parafialna lokalnej spoleczno\\u015bci katolickiej\",\"url\":\"https:\\\/\\\/ateny.jezuici.pl\\\/\"},{\"@type\":\"WebPage\",\"@id\":\"https:\\\/\\\/ateny.jezuici.pl\\\/?page_id=3241#webpage\",\"url\":\"https:\\\/\\\/ateny.jezuici.pl\\\/?page_id=3241\",\"name\":\"Jase\\u0142ka 2012 - Ko\\u015bci\\u00f3\\u0142 katolicki w Atenach - polscy ksi\\u0119\\u017ca w Grecji\",\"inLanguage\":\"pl-PL\",\"isPartOf\":{\"@id\":\"https:\\\/\\\/ateny.jezuici.pl\\\/#website\"},\"breadcrumb\":{\"@id\":\"https:\\\/\\\/ateny.jezuici.pl\\\/?page_id=3241#breadcrumblist\"},\"datePublished\":\"2012-01-15T13:14:22+02:00\",\"dateModified\":\"2015-03-03T11:22:56+02:00\"},{\"@type\":\"WebSite\",\"@id\":\"https:\\\/\\\/ateny.jezuici.pl\\\/#website\",\"url\":\"https:\\\/\\\/ateny.jezuici.pl\\\/\",\"name\":\"Ko\\u015bci\\u00f3\\u0142 katolicki w Atenach - polscy ksi\\u0119\\u017ca w Grecji\",\"description\":\"Strona parafialna lokalnej spoleczno\\u015bci katolickiej\",\"inLanguage\":\"pl-PL\",\"publisher\":{\"@id\":\"https:\\\/\\\/ateny.jezuici.pl\\\/#organization\"}}]}\n\t\t<\/script>\n\t\t<!-- All in One SEO -->\n\n","aioseo_head_json":{"title":"Jase\u0142ka 2012 - Ko\u015bci\u00f3\u0142 katolicki w Atenach - polscy ksi\u0119\u017ca w Grecji","description":"","canonical_url":"https:\/\/ateny.jezuici.pl\/?page_id=3241","robots":"max-image-preview:large","keywords":"","webmasterTools":{"miscellaneous":""},"schema":{"@context":"https:\/\/schema.org","@graph":[{"@type":"BreadcrumbList","@id":"https:\/\/ateny.jezuici.pl\/?page_id=3241#breadcrumblist","itemListElement":[{"@type":"ListItem","@id":"https:\/\/ateny.jezuici.pl#listItem","position":1,"name":"Home","item":"https:\/\/ateny.jezuici.pl","nextItem":{"@type":"ListItem","@id":"https:\/\/ateny.jezuici.pl\/?page_id=392#listItem","name":"Galeria"}},{"@type":"ListItem","@id":"https:\/\/ateny.jezuici.pl\/?page_id=392#listItem","position":2,"name":"Galeria","item":"https:\/\/ateny.jezuici.pl\/?page_id=392","nextItem":{"@type":"ListItem","@id":"https:\/\/ateny.jezuici.pl\/?page_id=3241#listItem","name":"Jase\u0142ka  2012"},"previousItem":{"@type":"ListItem","@id":"https:\/\/ateny.jezuici.pl#listItem","name":"Home"}},{"@type":"ListItem","@id":"https:\/\/ateny.jezuici.pl\/?page_id=3241#listItem","position":3,"name":"Jase\u0142ka  2012","previousItem":{"@type":"ListItem","@id":"https:\/\/ateny.jezuici.pl\/?page_id=392#listItem","name":"Galeria"}}]},{"@type":"Organization","@id":"https:\/\/ateny.jezuici.pl\/#organization","name":"Ko\u015bci\u00f3\u0142 katolicki w Atenach - polscy ksi\u0119\u017ca w Grecji","description":"Strona parafialna lokalnej spoleczno\u015bci katolickiej","url":"https:\/\/ateny.jezuici.pl\/"},{"@type":"WebPage","@id":"https:\/\/ateny.jezuici.pl\/?page_id=3241#webpage","url":"https:\/\/ateny.jezuici.pl\/?page_id=3241","name":"Jase\u0142ka 2012 - Ko\u015bci\u00f3\u0142 katolicki w Atenach - polscy ksi\u0119\u017ca w Grecji","inLanguage":"pl-PL","isPartOf":{"@id":"https:\/\/ateny.jezuici.pl\/#website"},"breadcrumb":{"@id":"https:\/\/ateny.jezuici.pl\/?page_id=3241#breadcrumblist"},"datePublished":"2012-01-15T13:14:22+02:00","dateModified":"2015-03-03T11:22:56+02:00"},{"@type":"WebSite","@id":"https:\/\/ateny.jezuici.pl\/#website","url":"https:\/\/ateny.jezuici.pl\/","name":"Ko\u015bci\u00f3\u0142 katolicki w Atenach - polscy ksi\u0119\u017ca w Grecji","description":"Strona parafialna lokalnej spoleczno\u015bci katolickiej","inLanguage":"pl-PL","publisher":{"@id":"https:\/\/ateny.jezuici.pl\/#organization"}}]},"og:locale":"pl_PL","og:site_name":"Ko\u015bci\u00f3\u0142 katolicki w Atenach - polscy ksi\u0119\u017ca w Grecji - Strona parafialna lokalnej spoleczno\u015bci katolickiej","og:type":"article","og:title":"Jase\u0142ka 2012 - Ko\u015bci\u00f3\u0142 katolicki w Atenach - polscy ksi\u0119\u017ca w Grecji","og:url":"https:\/\/ateny.jezuici.pl\/?page_id=3241","article:published_time":"2012-01-15T13:14:22+00:00","article:modified_time":"2015-03-03T11:22:56+00:00","twitter:card":"summary_large_image","twitter:title":"Jase\u0142ka 2012 - Ko\u015bci\u00f3\u0142 katolicki w Atenach - polscy ksi\u0119\u017ca w Grecji"},"aioseo_meta_data":{"post_id":"3241","title":null,"description":null,"keywords":null,"keyphrases":null,"primary_term":null,"canonical_url":null,"og_title":null,"og_description":null,"og_object_type":"default","og_image_type":"default","og_image_url":null,"og_image_width":null,"og_image_height":null,"og_image_custom_url":null,"og_image_custom_fields":null,"og_video":null,"og_custom_url":null,"og_article_section":null,"og_article_tags":null,"twitter_use_og":false,"twitter_card":"default","twitter_image_type":"default","twitter_image_url":null,"twitter_image_custom_url":null,"twitter_image_custom_fields":null,"twitter_title":null,"twitter_description":null,"schema":{"blockGraphs":[],"customGraphs":[],"default":{"data":{"Article":[],"Course":[],"Dataset":[],"FAQPage":[],"Movie":[],"Person":[],"Product":[],"ProductReview":[],"Car":[],"Recipe":[],"Service":[],"SoftwareApplication":[],"WebPage":[]},"graphName":"","isEnabled":true},"graphs":[],"defaultGraph":"","defaultPostTypeGraph":""},"schema_type":"default","schema_type_options":null,"pillar_content":false,"robots_default":true,"robots_noindex":false,"robots_noarchive":false,"robots_nosnippet":false,"robots_nofollow":false,"robots_noimageindex":false,"robots_noodp":false,"robots_notranslate":false,"robots_max_snippet":null,"robots_max_videopreview":null,"robots_max_imagepreview":"large","priority":null,"frequency":null,"local_seo":null,"breadcrumb_settings":null,"limit_modified_date":false,"ai":null,"created":"2022-09-23 16:03:08","updated":"2025-06-04 08:17:42","seo_analyzer_scan_date":null,"focus_keyword":null,"additional_keywords":null,"truseo_locale":null},"aioseo_breadcrumb":"<div class=\"aioseo-breadcrumbs\"><span class=\"aioseo-breadcrumb\">\n\t\t\t<a href=\"https:\/\/ateny.jezuici.pl\" title=\"Home\">Home<\/a>\n\t\t<\/span><span class=\"aioseo-breadcrumb-separator\">&raquo;<\/span><span class=\"aioseo-breadcrumb\">\n\t\t\t<a href=\"https:\/\/ateny.jezuici.pl\/?page_id=392\" title=\"Galeria\">Galeria<\/a>\n\t\t<\/span><span class=\"aioseo-breadcrumb-separator\">&raquo;<\/span><span class=\"aioseo-breadcrumb\">\n\t\t\tJase\u0142ka  2012\n\t\t<\/span><\/div>","aioseo_breadcrumb_json":[{"label":"Home","link":"https:\/\/ateny.jezuici.pl"},{"label":"Galeria","link":"https:\/\/ateny.jezuici.pl\/?page_id=392"},{"label":"Jase\u0142ka  2012","link":"https:\/\/ateny.jezuici.pl\/?page_id=3241"}],"_links":{"self":[{"href":"https:\/\/ateny.jezuici.pl\/index.php?rest_route=\/wp\/v2\/pages\/3241","targetHints":{"allow":["GET"]}}],"collection":[{"href":"https:\/\/ateny.jezuici.pl\/index.php?rest_route=\/wp\/v2\/pages"}],"about":[{"href":"https:\/\/ateny.jezuici.pl\/index.php?rest_route=\/wp\/v2\/types\/page"}],"author":[{"embeddable":true,"href":"https:\/\/ateny.jezuici.pl\/index.php?rest_route=\/wp\/v2\/users\/228"}],"replies":[{"embeddable":true,"href":"https:\/\/ateny.jezuici.pl\/index.php?rest_route=%2Fwp%2Fv2%2Fcomments&post=3241"}],"version-history":[{"count":0,"href":"https:\/\/ateny.jezuici.pl\/index.php?rest_route=\/wp\/v2\/pages\/3241\/revisions"}],"up":[{"embeddable":true,"href":"https:\/\/ateny.jezuici.pl\/index.php?rest_route=\/wp\/v2\/pages\/392"}],"wp:attachment":[{"href":"https:\/\/ateny.jezuici.pl\/index.php?rest_route=%2Fwp%2Fv2%2Fmedia&parent=3241"}],"curies":[{"name":"wp","href":"https:\/\/api.w.org\/{rel}","templated":true}]}}